{"id":667,"date":"2016-09-06T20:12:07","date_gmt":"2016-09-06T18:12:07","guid":{"rendered":"http:\/\/mco-asbl.be\/?page_id=667"},"modified":"2024-05-31T11:33:26","modified_gmt":"2024-05-31T09:33:26","slug":"audio","status":"publish","type":"page","link":"https:\/\/mco-asbl.be\/index.php\/audio\/","title":{"rendered":"Audio"},"content":{"rendered":"<audio class=\"wp-audio-shortcode\" id=\"audio-667-1\" preload=\"none\" style=\"width: 100%;\" controls=\"controls\"><source type=\"audio\/mpeg\" src=\"http:\/\/mco-asbl.be\/wp-content\/uploads\/2021\/08\/Antonio-de-Cabezon-1510-1566-Tiento-del-2-tono-Frederic-Blanc-concert-08-08-2021-2.mp3?_=1\" \/><a href=\"http:\/\/mco-asbl.be\/wp-content\/uploads\/2021\/08\/Antonio-de-Cabezon-1510-1566-Tiento-del-2-tono-Frederic-Blanc-concert-08-08-2021-2.mp3\">http:\/\/mco-asbl.be\/wp-content\/uploads\/2021\/08\/Antonio-de-Cabezon-1510-1566-Tiento-del-2-tono-Frederic-Blanc-concert-08-08-2021-2.mp3<\/a><\/audio>\n<p>Antonio de Cabezon (1510-1566) &#8211; <em>Tiento del 2 tono<\/em><br \/>\nFr\u00e9d\u00e9ric Blanc, concert 08-08-2021<\/p>\n<p>&nbsp;<\/p>\n<audio class=\"wp-audio-shortcode\" id=\"audio-667-2\" preload=\"none\" style=\"width: 100%;\" controls=\"controls\"><source type=\"audio\/mpeg\" src=\"http:\/\/mco-asbl.be\/wp-content\/uploads\/2021\/08\/Girolamo-Frescobaldi-1583-1643-Canzon-ottava-detta-La-Vincenti-Ghislain-Zeevaert-concert-02-08-2020.mp3?_=2\" \/><a href=\"http:\/\/mco-asbl.be\/wp-content\/uploads\/2021\/08\/Girolamo-Frescobaldi-1583-1643-Canzon-ottava-detta-La-Vincenti-Ghislain-Zeevaert-concert-02-08-2020.mp3\">http:\/\/mco-asbl.be\/wp-content\/uploads\/2021\/08\/Girolamo-Frescobaldi-1583-1643-Canzon-ottava-detta-La-Vincenti-Ghislain-Zeevaert-concert-02-08-2020.mp3<\/a><\/audio>\n<p>Girolamo Frescobaldi (1583-1643) &#8211; <em>Canzon ottava detta La Vincenti<\/em><br \/>\nGhislain Zeevaert, concert 02-08-2020<\/p>\n<p>&nbsp;<\/p>\n<audio class=\"wp-audio-shortcode\" id=\"audio-667-3\" preload=\"none\" style=\"width: 100%;\" controls=\"controls\"><source type=\"audio\/mpeg\" src=\"http:\/\/mco-asbl.be\/wp-content\/uploads\/2021\/08\/Thomas-Babou-1656-1739-Piece-pour-orgue-n\u00b0-11-en-Do-Majeur-Ghislain-Zeevaert-concert-02-08-2020.mp3?_=3\" \/><a href=\"http:\/\/mco-asbl.be\/wp-content\/uploads\/2021\/08\/Thomas-Babou-1656-1739-Piece-pour-orgue-n\u00b0-11-en-Do-Majeur-Ghislain-Zeevaert-concert-02-08-2020.mp3\">http:\/\/mco-asbl.be\/wp-content\/uploads\/2021\/08\/Thomas-Babou-1656-1739-Piece-pour-orgue-n\u00b0-11-en-Do-Majeur-Ghislain-Zeevaert-concert-02-08-2020.mp3<\/a><\/audio>\n<p>Thomas Babou (1656-1739) &#8211; <em>Pi\u00e8ce pour orgue n\u00b0 11 en Do Majeur<\/em><br \/>\nGhislain Zeevaert, concert 02-08-2020<\/p>\n<p>&nbsp;<\/p>\n<audio class=\"wp-audio-shortcode\" id=\"audio-667-4\" preload=\"none\" style=\"width: 100%;\" controls=\"controls\"><source type=\"audio\/mpeg\" src=\"http:\/\/mco-asbl.be\/wp-content\/uploads\/2021\/08\/Jean-Joseph-Mouret-1682-1738-Fanfares-pour-des-trompettes-timbales-violons-et-hautbois-Rondeau-Gracieusement-sans-lenteur-Guay-Pascale-Rouet-concert-23-08-2020.mp3?_=4\" \/><a href=\"http:\/\/mco-asbl.be\/wp-content\/uploads\/2021\/08\/Jean-Joseph-Mouret-1682-1738-Fanfares-pour-des-trompettes-timbales-violons-et-hautbois-Rondeau-Gracieusement-sans-lenteur-Guay-Pascale-Rouet-concert-23-08-2020.mp3\">http:\/\/mco-asbl.be\/wp-content\/uploads\/2021\/08\/Jean-Joseph-Mouret-1682-1738-Fanfares-pour-des-trompettes-timbales-violons-et-hautbois-Rondeau-Gracieusement-sans-lenteur-Guay-Pascale-Rouet-concert-23-08-2020.mp3<\/a><\/audio>\n<p>Jean-Joseph Mouret (1682-1738) &#8211; <em>Fanfares pour des trompettes, timbales, violons et hautbois :<\/em><br \/>\n<em>Rondeau, Gracieusement sans lenteur, Guay<\/em><br \/>\nPascale Rouet, concert 23-08-2020<\/p>\n<p>&nbsp;<\/p>\n<audio class=\"wp-audio-shortcode\" id=\"audio-667-5\" preload=\"none\" style=\"width: 100%;\" controls=\"controls\"><source type=\"audio\/mpeg\" src=\"http:\/\/mco-asbl.be\/wp-content\/uploads\/2021\/08\/Johann-Sebastian-Bach-1685-1750-Sinfonia-extrait-de-la-cantate-Wir-danken-dir-Gott-BWV-29-Ignace-Michiels-concert-01-08-2021.mp3?_=5\" \/><a href=\"http:\/\/mco-asbl.be\/wp-content\/uploads\/2021\/08\/Johann-Sebastian-Bach-1685-1750-Sinfonia-extrait-de-la-cantate-Wir-danken-dir-Gott-BWV-29-Ignace-Michiels-concert-01-08-2021.mp3\">http:\/\/mco-asbl.be\/wp-content\/uploads\/2021\/08\/Johann-Sebastian-Bach-1685-1750-Sinfonia-extrait-de-la-cantate-Wir-danken-dir-Gott-BWV-29-Ignace-Michiels-concert-01-08-2021.mp3<\/a><\/audio>\n<p>Johann Sebastian Bach (1685-1750) &#8211;<em> Sinfonia<\/em>, extrait de la cantate <em>Wir danken dir, Gott<\/em> &#8211; BWV 29<br \/>\nIgnace Michiels, concert 01-08-2021<\/p>\n<p>&nbsp;<\/p>\n<audio class=\"wp-audio-shortcode\" id=\"audio-667-6\" preload=\"none\" style=\"width: 100%;\" controls=\"controls\"><source type=\"audio\/mpeg\" src=\"http:\/\/mco-asbl.be\/wp-content\/uploads\/2021\/08\/Johann-Sebastian-Bach-1685-1750-Trio-super-Herr-Jesu-Christ-dich-zu-uns-wend-BWV-655-Ignace-Michiels-concert-01-08-2021-2.mp3?_=6\" \/><a href=\"http:\/\/mco-asbl.be\/wp-content\/uploads\/2021\/08\/Johann-Sebastian-Bach-1685-1750-Trio-super-Herr-Jesu-Christ-dich-zu-uns-wend-BWV-655-Ignace-Michiels-concert-01-08-2021-2.mp3\">http:\/\/mco-asbl.be\/wp-content\/uploads\/2021\/08\/Johann-Sebastian-Bach-1685-1750-Trio-super-Herr-Jesu-Christ-dich-zu-uns-wend-BWV-655-Ignace-Michiels-concert-01-08-2021-2.mp3<\/a><\/audio>\n<p>Johann Sebastian Bach (1685-1750) &#8211; <em>Trio super Herr Jesu Christ, dich zu uns wend &#8211; BWV 655<\/em><br \/>\nIgnace Michiels, concert 01-08-2021<\/p>\n<p>&nbsp;<\/p>\n<audio class=\"wp-audio-shortcode\" id=\"audio-667-7\" preload=\"none\" style=\"width: 100%;\" controls=\"controls\"><source type=\"audio\/mpeg\" src=\"http:\/\/mco-asbl.be\/wp-content\/uploads\/2021\/09\/Jose-Antonio-Carlos-Vaz-de-Sexais-1704-1742-Toccata-en-sol-mineur-Frederic-Blanc-concert-08-08-2021.mp3?_=7\" \/><a href=\"http:\/\/mco-asbl.be\/wp-content\/uploads\/2021\/09\/Jose-Antonio-Carlos-Vaz-de-Sexais-1704-1742-Toccata-en-sol-mineur-Frederic-Blanc-concert-08-08-2021.mp3\">http:\/\/mco-asbl.be\/wp-content\/uploads\/2021\/09\/Jose-Antonio-Carlos-Vaz-de-Sexais-1704-1742-Toccata-en-sol-mineur-Frederic-Blanc-concert-08-08-2021.mp3<\/a><\/audio>\n<p>Jos\u00e9 Antonio Carlos Vaz (de Sexais) (1704-1742) &#8211; <em>Toccata en sol mineur<\/em><br \/>\nFr\u00e9d\u00e9ric Blanc, concert 08-08-2021<\/p>\n<p>&nbsp;<\/p>\n<audio class=\"wp-audio-shortcode\" id=\"audio-667-8\" preload=\"none\" style=\"width: 100%;\" controls=\"controls\"><source type=\"audio\/mpeg\" src=\"http:\/\/mco-asbl.be\/wp-content\/uploads\/2021\/08\/Christoph-Willibald-von-Gluck-1714-1787-Celebre-melodie-transcr.-Sgambati-Frederic-Blanc-concert-08-08-2021.mp3?_=8\" \/><a href=\"http:\/\/mco-asbl.be\/wp-content\/uploads\/2021\/08\/Christoph-Willibald-von-Gluck-1714-1787-Celebre-melodie-transcr.-Sgambati-Frederic-Blanc-concert-08-08-2021.mp3\">http:\/\/mco-asbl.be\/wp-content\/uploads\/2021\/08\/Christoph-Willibald-von-Gluck-1714-1787-Celebre-melodie-transcr.-Sgambati-Frederic-Blanc-concert-08-08-2021.mp3<\/a><\/audio>\n<p>Christoph Willibald von Gluck (1714-1787) &#8211;<em> C\u00e9l\u00e8bre m\u00e9lodie<\/em> (transcr. Sgambati)<br \/>\nFr\u00e9d\u00e9ric Blanc, concert 08-08-2021<\/p>\n<p>&nbsp;<\/p>\n<audio class=\"wp-audio-shortcode\" id=\"audio-667-9\" preload=\"none\" style=\"width: 100%;\" controls=\"controls\"><source type=\"audio\/mpeg\" src=\"http:\/\/mco-asbl.be\/wp-content\/uploads\/2021\/08\/Samuel-Wesley-1766-1837-Larghetto-in-F-Sharp-minor-Thomas-Deserranno-concert-12-07-2020.mp3?_=9\" \/><a href=\"http:\/\/mco-asbl.be\/wp-content\/uploads\/2021\/08\/Samuel-Wesley-1766-1837-Larghetto-in-F-Sharp-minor-Thomas-Deserranno-concert-12-07-2020.mp3\">http:\/\/mco-asbl.be\/wp-content\/uploads\/2021\/08\/Samuel-Wesley-1766-1837-Larghetto-in-F-Sharp-minor-Thomas-Deserranno-concert-12-07-2020.mp3<\/a><\/audio>\n<p>Samuel Wesley (1766-1837) &#8211; <em>Larghetto in F-Sharp minor<\/em><br \/>\nThomas Deserranno, concert 12-07-2020<\/p>\n<p>&nbsp;<\/p>\n<audio class=\"wp-audio-shortcode\" id=\"audio-667-10\" preload=\"none\" style=\"width: 100%;\" controls=\"controls\"><source type=\"audio\/mpeg\" src=\"http:\/\/mco-asbl.be\/wp-content\/uploads\/2021\/09\/Ludwig-van-Beethoven-1770-1827-Sonata-pathetique-n\u00b08-opus-13-Adagio-cantabile-arr.-Norman-Fraser-Guy-Van-Waas-concert-26-07-2020.mp3?_=10\" \/><a href=\"http:\/\/mco-asbl.be\/wp-content\/uploads\/2021\/09\/Ludwig-van-Beethoven-1770-1827-Sonata-pathetique-n\u00b08-opus-13-Adagio-cantabile-arr.-Norman-Fraser-Guy-Van-Waas-concert-26-07-2020.mp3\">http:\/\/mco-asbl.be\/wp-content\/uploads\/2021\/09\/Ludwig-van-Beethoven-1770-1827-Sonata-pathetique-n\u00b08-opus-13-Adagio-cantabile-arr.-Norman-Fraser-Guy-Van-Waas-concert-26-07-2020.mp3<\/a><\/audio>\n<p>Ludwig van Beethoven (1770-1827) &#8211; Sonate n\u00b08, opus 13 &#8211; Adagio cantabile (arr. Norman Fraser)<br \/>\nGuy Van Waas, concert 26-07-2020<\/p>\n<p>&nbsp;<\/p>\n<audio class=\"wp-audio-shortcode\" id=\"audio-667-11\" preload=\"none\" style=\"width: 100%;\" controls=\"controls\"><source type=\"audio\/mpeg\" src=\"http:\/\/mco-asbl.be\/wp-content\/uploads\/2021\/08\/Felix-Mendelssohn-1809-1847-Sonate-pour-orgue-en-La-majeur-opus-65-n\u00b03-Con-molto-maestoso-Ignace-Michiels-concert-01-08-2021.mp3?_=11\" \/><a href=\"http:\/\/mco-asbl.be\/wp-content\/uploads\/2021\/08\/Felix-Mendelssohn-1809-1847-Sonate-pour-orgue-en-La-majeur-opus-65-n\u00b03-Con-molto-maestoso-Ignace-Michiels-concert-01-08-2021.mp3\">http:\/\/mco-asbl.be\/wp-content\/uploads\/2021\/08\/Felix-Mendelssohn-1809-1847-Sonate-pour-orgue-en-La-majeur-opus-65-n\u00b03-Con-molto-maestoso-Ignace-Michiels-concert-01-08-2021.mp3<\/a><\/audio>\n<p>Felix Mendelssohn (1809-1847) &#8211; <em>Sonate pour orgue en La majeur, opus 65 n\u00b03<\/em> &#8211; Con molto maestoso -Ignace Michiels, concert 01-08-2021<\/p>\n<p>&nbsp;<\/p>\n<audio class=\"wp-audio-shortcode\" id=\"audio-667-12\" preload=\"none\" style=\"width: 100%;\" controls=\"controls\"><source type=\"audio\/mpeg\" src=\"http:\/\/mco-asbl.be\/wp-content\/uploads\/2021\/08\/William-Faulkes-1863-1933-Legend-and-Final-Ignace-Michiels-concert-01-08-2021.mp3?_=12\" \/><a href=\"http:\/\/mco-asbl.be\/wp-content\/uploads\/2021\/08\/William-Faulkes-1863-1933-Legend-and-Final-Ignace-Michiels-concert-01-08-2021.mp3\">http:\/\/mco-asbl.be\/wp-content\/uploads\/2021\/08\/William-Faulkes-1863-1933-Legend-and-Final-Ignace-Michiels-concert-01-08-2021.mp3<\/a><\/audio>\n<p>William Faulkes (1863-1933) &#8211;<em> Legend and Final<\/em><br \/>\nIgnace Michiels, concert 01-08-2021<\/p>\n<p>&nbsp;<\/p>\n<audio class=\"wp-audio-shortcode\" id=\"audio-667-13\" preload=\"none\" style=\"width: 100%;\" controls=\"controls\"><source type=\"audio\/mpeg\" src=\"http:\/\/mco-asbl.be\/wp-content\/uploads\/2021\/09\/Louis-Vierne-1870-1937-Symphonie-n\u00b02-opus-120-Allegro-Ignace-Michiels-concert-16-08-2020.mp3?_=13\" \/><a href=\"http:\/\/mco-asbl.be\/wp-content\/uploads\/2021\/09\/Louis-Vierne-1870-1937-Symphonie-n\u00b02-opus-120-Allegro-Ignace-Michiels-concert-16-08-2020.mp3\">http:\/\/mco-asbl.be\/wp-content\/uploads\/2021\/09\/Louis-Vierne-1870-1937-Symphonie-n\u00b02-opus-120-Allegro-Ignace-Michiels-concert-16-08-2020.mp3<\/a><\/audio>\n<p>Louis Vierne (1870-1937) &#8211; <em>Symphonie n\u00b02, opus 120 &#8211; Allegro<\/em><br \/>\nIgnace Michiels, concert 16-08-2020<\/p>\n<p>&nbsp;<\/p>\n<audio class=\"wp-audio-shortcode\" id=\"audio-667-14\" preload=\"none\" style=\"width: 100%;\" controls=\"controls\"><source type=\"audio\/mpeg\" src=\"http:\/\/mco-asbl.be\/wp-content\/uploads\/2021\/09\/Sigfrid-Karg-Elert-1877-1933-Cathedral-Windows-Kyrie-Eleison-Thomas-Deserranno-concert-12-07-2020.mp3?_=14\" \/><a href=\"http:\/\/mco-asbl.be\/wp-content\/uploads\/2021\/09\/Sigfrid-Karg-Elert-1877-1933-Cathedral-Windows-Kyrie-Eleison-Thomas-Deserranno-concert-12-07-2020.mp3\">http:\/\/mco-asbl.be\/wp-content\/uploads\/2021\/09\/Sigfrid-Karg-Elert-1877-1933-Cathedral-Windows-Kyrie-Eleison-Thomas-Deserranno-concert-12-07-2020.mp3<\/a><\/audio>\n<p>Sigfrid Karg-Elert (1877-1933) &#8211; <em>Cathedral Windows op. 106 : 1.\u00a0 Kyrie Eleison<\/em><br \/>\nThomas Deserranno, concert 12-07-2020<\/p>\n<p>&nbsp;<\/p>\n<audio class=\"wp-audio-shortcode\" id=\"audio-667-15\" preload=\"none\" style=\"width: 100%;\" controls=\"controls\"><source type=\"audio\/mpeg\" src=\"http:\/\/mco-asbl.be\/wp-content\/uploads\/2021\/09\/Sergei-Prokofiev-1851-1953-Visions-fugitives-opus-22-Comodo-Con-eleganze-Allegretto-Ridiculamente-Thomas-Deserranno-concert-12-07-2020.mp3?_=15\" \/><a href=\"http:\/\/mco-asbl.be\/wp-content\/uploads\/2021\/09\/Sergei-Prokofiev-1851-1953-Visions-fugitives-opus-22-Comodo-Con-eleganze-Allegretto-Ridiculamente-Thomas-Deserranno-concert-12-07-2020.mp3\">http:\/\/mco-asbl.be\/wp-content\/uploads\/2021\/09\/Sergei-Prokofiev-1851-1953-Visions-fugitives-opus-22-Comodo-Con-eleganze-Allegretto-Ridiculamente-Thomas-Deserranno-concert-12-07-2020.mp3<\/a><\/audio>\n<p>Sergei Prokofiev (1891-1953) &#8211; <em>Visions fugitives, opus 22<\/em><br \/>\n<em>Comodo, Con eleganze, Allegretto, Ridiculamente<\/em><br \/>\nThomas Deserranno, concert 12-07-2020<\/p>\n<p>&nbsp;<\/p>\n<audio class=\"wp-audio-shortcode\" id=\"audio-667-16\" preload=\"none\" style=\"width: 100%;\" controls=\"controls\"><source type=\"audio\/mpeg\" src=\"http:\/\/mco-asbl.be\/wp-content\/uploads\/2021\/08\/Maurice-Durufle-1902-1986-Prelude-en-mi-bemol-mineur-opus-5-Frederic-Blanc-concert-08-08-2021-1.mp3?_=16\" \/><a href=\"http:\/\/mco-asbl.be\/wp-content\/uploads\/2021\/08\/Maurice-Durufle-1902-1986-Prelude-en-mi-bemol-mineur-opus-5-Frederic-Blanc-concert-08-08-2021-1.mp3\">http:\/\/mco-asbl.be\/wp-content\/uploads\/2021\/08\/Maurice-Durufle-1902-1986-Prelude-en-mi-bemol-mineur-opus-5-Frederic-Blanc-concert-08-08-2021-1.mp3<\/a><\/audio>\n<p>Maurice Durufl\u00e9 (1902-1986) &#8211; <em>Pr\u00e9lude en mi b\u00e9mol mineur, opus 5<\/em><br \/>\nFr\u00e9d\u00e9ric Blanc, concert 08-08-2021<\/p>\n<p>&nbsp;<\/p>\n<audio class=\"wp-audio-shortcode\" id=\"audio-667-17\" preload=\"none\" style=\"width: 100%;\" controls=\"controls\"><source type=\"audio\/mpeg\" src=\"http:\/\/mco-asbl.be\/wp-content\/uploads\/2021\/08\/Christophe-Marchand-1972-Cuncti-simus-concanentes-Pascale-Rouet-concert-23-08-2020.mp3?_=17\" \/><a href=\"http:\/\/mco-asbl.be\/wp-content\/uploads\/2021\/08\/Christophe-Marchand-1972-Cuncti-simus-concanentes-Pascale-Rouet-concert-23-08-2020.mp3\">http:\/\/mco-asbl.be\/wp-content\/uploads\/2021\/08\/Christophe-Marchand-1972-Cuncti-simus-concanentes-Pascale-Rouet-concert-23-08-2020.mp3<\/a><\/audio>\n<p>Christophe Marchand (1972) &#8211; <em>Cuncti simus concanentes<\/em><br \/>\nPascale Rouet, concert 23-08-2020<\/p>\n<p>&nbsp;<\/p>\n<audio class=\"wp-audio-shortcode\" id=\"audio-667-18\" preload=\"none\" style=\"width: 100%;\" controls=\"controls\"><source type=\"audio\/mpeg\" src=\"http:\/\/mco-asbl.be\/wp-content\/uploads\/2021\/08\/Frederic-Blanc-1967-Improvisation-Frederic-Blanc-concert-08-08-2021.mp3?_=18\" \/><a href=\"http:\/\/mco-asbl.be\/wp-content\/uploads\/2021\/08\/Frederic-Blanc-1967-Improvisation-Frederic-Blanc-concert-08-08-2021.mp3\">http:\/\/mco-asbl.be\/wp-content\/uploads\/2021\/08\/Frederic-Blanc-1967-Improvisation-Frederic-Blanc-concert-08-08-2021.mp3<\/a><\/audio>\n<p><em>Improvisation<\/em><br \/>\nFr\u00e9d\u00e9ric Blanc, concert 08-08-2021<\/p>\n<p>&nbsp;<\/p>\n<audio class=\"wp-audio-shortcode\" id=\"audio-667-19\" preload=\"none\" style=\"width: 100%;\" controls=\"controls\"><source type=\"audio\/mpeg\" src=\"http:\/\/mco-asbl.be\/wp-content\/uploads\/2021\/08\/Stefan-Madrzak-1977-Improvisation-sur-le-theme-de-la-Brabanconne-Stefan-Madrzak-concert-25-07-2021.mp3?_=19\" \/><a href=\"http:\/\/mco-asbl.be\/wp-content\/uploads\/2021\/08\/Stefan-Madrzak-1977-Improvisation-sur-le-theme-de-la-Brabanconne-Stefan-Madrzak-concert-25-07-2021.mp3\">http:\/\/mco-asbl.be\/wp-content\/uploads\/2021\/08\/Stefan-Madrzak-1977-Improvisation-sur-le-theme-de-la-Brabanconne-Stefan-Madrzak-concert-25-07-2021.mp3<\/a><\/audio>\n<p><em>Improvisation sur le th\u00e8me de la Braban\u00e7onne<\/em><br \/>\nStefan Madrzak, concert 25-07-2021<\/p>\n<p>&nbsp;<\/p>\n<audio class=\"wp-audio-shortcode\" id=\"audio-667-20\" preload=\"none\" style=\"width: 100%;\" controls=\"controls\"><source type=\"audio\/mpeg\" src=\"http:\/\/mco-asbl.be\/wp-content\/uploads\/2021\/08\/Stephane-Mottoul-1990-Danse-symphonique-libre-improvisee-Stephane-Mottoul-concert-11-08-2019.mp3?_=20\" \/><a href=\"http:\/\/mco-asbl.be\/wp-content\/uploads\/2021\/08\/Stephane-Mottoul-1990-Danse-symphonique-libre-improvisee-Stephane-Mottoul-concert-11-08-2019.mp3\">http:\/\/mco-asbl.be\/wp-content\/uploads\/2021\/08\/Stephane-Mottoul-1990-Danse-symphonique-libre-improvisee-Stephane-Mottoul-concert-11-08-2019.mp3<\/a><\/audio>\n<p><em>Danse symphonique libre improvis\u00e9e<\/em><br \/>\nSt\u00e9phane Mottoul, concert 11-08-2019<\/p>\n<p>&nbsp;<\/p>\n<p>&nbsp;<\/p>\n","protected":false},"excerpt":{"rendered":"<p>Antonio de Cabezon (1510-1566) &#8211; Tiento del 2 tono Fr\u00e9d\u00e9ric Blanc, concert 08-08-2021 &nbsp; Girolamo Frescobaldi (1583-1643) &#8211; Canzon ottava detta La Vincenti Ghislain Zeevaert, concert 02-08-2020 &nbsp; Thomas Babou (1656-1739) &#8211; Pi\u00e8ce pour orgue n\u00b0 11 en Do Majeur Ghislain Zeevaert, concert 02-08-2020 &nbsp; Jean-Joseph Mouret (1682-1738) &#8211; Fanfares pour des trompettes, timbales, violons &hellip; <a href=\"https:\/\/mco-asbl.be\/index.php\/audio\/\" class=\"more-link\">Continuer la lecture<span class=\"screen-reader-text\"> de &laquo;&nbsp;Audio&nbsp;&raquo;<\/span><\/a><\/p>\n","protected":false},"author":2,"featured_media":0,"parent":0,"menu_order":0,"comment_status":"closed","ping_status":"closed","template":"","meta":{"footnotes":""},"class_list":["post-667","page","type-page","status-publish","hentry"],"jetpack_sharing_enabled":true,"_links":{"self":[{"href":"https:\/\/mco-asbl.be\/index.php\/wp-json\/wp\/v2\/pages\/667","targetHints":{"allow":["GET"]}}],"collection":[{"href":"https:\/\/mco-asbl.be\/index.php\/wp-json\/wp\/v2\/pages"}],"about":[{"href":"https:\/\/mco-asbl.be\/index.php\/wp-json\/wp\/v2\/types\/page"}],"author":[{"embeddable":true,"href":"https:\/\/mco-asbl.be\/index.php\/wp-json\/wp\/v2\/users\/2"}],"replies":[{"embeddable":true,"href":"https:\/\/mco-asbl.be\/index.php\/wp-json\/wp\/v2\/comments?post=667"}],"version-history":[{"count":16,"href":"https:\/\/mco-asbl.be\/index.php\/wp-json\/wp\/v2\/pages\/667\/revisions"}],"predecessor-version":[{"id":1135,"href":"https:\/\/mco-asbl.be\/index.php\/wp-json\/wp\/v2\/pages\/667\/revisions\/1135"}],"wp:attachment":[{"href":"https:\/\/mco-asbl.be\/index.php\/wp-json\/wp\/v2\/media?parent=667"}],"curies":[{"name":"wp","href":"https:\/\/api.w.org\/{rel}","templated":true}]}}